{"id":5361,"date":"2018-03-16T14:26:46","date_gmt":"2018-03-16T17:26:46","guid":{"rendered":"http:\/\/www.lachacrafutbol.com.ar\/web\/?page_id=5361"},"modified":"2023-03-06T14:18:18","modified_gmt":"2023-03-06T17:18:18","slug":"suspendidos","status":"publish","type":"page","link":"https:\/\/www.lachacrafutbol.com.ar\/web\/suspendidos\/","title":{"rendered":"Suspendidos\/as"},"content":{"rendered":"\t\t<div data-elementor-type=\"wp-page\" data-elementor-id=\"5361\" class=\"elementor elementor-5361\" data-elementor-post-type=\"page\">\n\t\t\t\t\t\t<section class=\"elementor-section elementor-top-section elementor-element elementor-element-198fec4d elementor-section-boxed elementor-section-height-default elementor-section-height-default\" data-id=\"198fec4d\" data-element_type=\"section\" data-e-type=\"section\">\n\t\t\t\t\t\t<div class=\"elementor-container elementor-column-gap-default\">\n\t\t\t\t\t<div class=\"elementor-column elementor-col-100 elementor-top-column elementor-element elementor-element-39d543d4\" data-id=\"39d543d4\" data-element_type=\"column\" data-e-type=\"column\">\n\t\t\t<div class=\"elementor-widget-wrap elementor-element-populated\">\n\t\t\t\t\t\t<div class=\"elementor-element elementor-element-4edb858 elementor-widget elementor-widget-text-editor\" data-id=\"4edb858\" data-element_type=\"widget\" data-e-type=\"widget\" data-widget_type=\"text-editor.default\">\n\t\t\t\t<div class=\"elementor-widget-container\">\n\t\t\t\t\t\t\t\t\t<table>\n<tbody>\n<tr>\n<td>MUJERES<\/td>\n<\/tr>\n<\/tbody>\n<\/table>\n\n<table id=\"tablepress-2\" class=\"tablepress tablepress-id-2\">\n<thead>\n<tr class=\"row-1\">\n\t<th class=\"column-1\">Partido-Fecha<\/th><th class=\"column-2\">Jugador<\/th><th class=\"column-3\">Motivo<\/th><th class=\"column-4\">Fechas<\/th><th class=\"column-5\">Restan<\/th>\n<\/tr>\n<\/thead>\n<tbody>\n<tr class=\"row-2\">\n\t<td class=\"column-1\">Real Mandril vs Rumba F.C. (17\/5\/2025)<\/td><td class=\"column-2\">Damian Gomory &#8211; DT (Real Mandril)<\/td><td class=\"column-3\">Expulsi\u00f3n directa. Informado. Art. 37. inc. 4\u00b0 del reglamento.<\/td><td class=\"column-4\">Expulsi\u00f3n definitiva.<\/td><td class=\"column-5\">Expulsi\u00f3n definitiva.<\/td>\n<\/tr>\n<tr class=\"row-3\">\n\t<td class=\"column-1\">Doble T vs Deportivo Biri Biri (29\/08\/2026)<\/td><td class=\"column-2\">Marcia Alonso (Deportivo Biri Biri)<\/td><td class=\"column-3\">Expulsi\u00f3n por doble amonestaci\u00f3n.<\/td><td class=\"column-4\">1<\/td><td class=\"column-5\">1<\/td>\n<\/tr>\n<\/tbody>\n<\/table>\n<!-- #tablepress-2 from cache -->\n<table>\n<tbody>\n<tr>\n<td>HOMBRES<\/td>\n<\/tr>\n<\/tbody>\n<\/table>\n\n<table id=\"tablepress-1\" class=\"tablepress tablepress-id-1\">\n<thead>\n<tr class=\"row-1\">\n\t<td class=\"column-1\"><\/td><th class=\"column-2\">Jugador<\/th><th class=\"column-3\">Motivo<\/th><th class=\"column-4\">Fechas<\/th><th class=\"column-5\">Restan<\/th>\n<\/tr>\n<\/thead>\n<tbody>\n<tr class=\"row-2\">\n\t<td class=\"column-1\">El Cultural vs Borrachines C.F. (26\/10\/24)<\/td><td class=\"column-2\">Roberto Soudrell (Borrachines C.F.)<\/td><td class=\"column-3\">Expulsi\u00f3n directa. Informado. Agresi\u00f3n a un rival (art. 36, inc. 7\u00b0, y  art. 40 del Reglamento).<\/td><td class=\"column-4\">Expulsi\u00f3n definitiva.<\/td><td class=\"column-5\">Expulsi\u00f3n definitiva.<\/td>\n<\/tr>\n<tr class=\"row-3\">\n\t<td class=\"column-1\">La Banda F.C. vs Toco y Me Voy (23\/11\/24)<\/td><td class=\"column-2\">Ariel Garcia (Toco y Me Voy)<\/td><td class=\"column-3\">Expulsi\u00f3n doble amonestaci\u00f3n. Informado al t\u00e9rmino del partido. Agresi\u00f3n a un rival (art. 36, inc. 7\u00b0, y  art. 40 del Reglamento).<\/td><td class=\"column-4\">Expulsi\u00f3n definitiva.<\/td><td class=\"column-5\">Expulsi\u00f3n definitiva.<\/td>\n<\/tr>\n<tr class=\"row-4\">\n\t<td class=\"column-1\">Los Tulos vs As Broma (29\/3\/2025)<\/td><td class=\"column-2\">Gustavo Esponda (Los Tulos)<\/td><td class=\"column-3\">Expulsi\u00f3n directa. Informado. Agresi\u00f3n a un rival (art. 36, inc. 7\u00b0, y  art. 40 del Reglamento).<\/td><td class=\"column-4\">Expulsi\u00f3n definitiva.<\/td><td class=\"column-5\">Expulsi\u00f3n definitiva.<\/td>\n<\/tr>\n<tr class=\"row-5\">\n\t<td class=\"column-1\">Coky FC vs Carasucias (27\/12\/25)<\/td><td class=\"column-2\">Ignacio De Luc\u00eda (Coky FC)<\/td><td class=\"column-3\">Expulsi\u00f3n por doble amonestaci\u00f3n.<\/td><td class=\"column-4\">1<\/td><td class=\"column-5\">1<\/td>\n<\/tr>\n<tr class=\"row-6\">\n\t<td class=\"column-1\">Coky FC vs Carasucias (27\/12\/25)<\/td><td class=\"column-2\">Javier Rossi (Carasucias)<\/td><td class=\"column-3\">Expulsi\u00f3n directa.<\/td><td class=\"column-4\">2<\/td><td class=\"column-5\">1<\/td>\n<\/tr>\n<tr class=\"row-7\">\n\t<td class=\"column-1\">Ave Fenix F.C. vs Cucos F.C.<\/td><td class=\"column-2\">Pedro Pablo Prezioso (Ave Fenix F.C.)<\/td><td class=\"column-3\">Expulsi\u00f3n directa. Informado. Art. 36, incs. 2\u00b0, 4\u00b0 y 6\u00b0 del Reglamento.<\/td><td class=\"column-4\">7<\/td><td class=\"column-5\">6<\/td>\n<\/tr>\n<tr class=\"row-8\">\n\t<td class=\"column-1\">Pa Sala Gordo PSG vs FAES (20\/06\/2026)<\/td><td class=\"column-2\">Maximiliano Andr\u00e9s Colombani (Pa Sala Gordo PSG)<\/td><td class=\"column-3\">Expulsi\u00f3n directa. Informado. Art. 36 inc. 2 del Reglamento.<\/td><td class=\"column-4\">2<\/td><td class=\"column-5\">1<\/td>\n<\/tr>\n<tr class=\"row-9\">\n\t<td class=\"column-1\">Mimetizarte vs Tortu Style L.V. (20\/06\/2026)<\/td><td class=\"column-2\">Ezequiel Guzman (Mimetizarte)<\/td><td class=\"column-3\">Expulsi\u00f3n directa. Informado. Agresi\u00f3n a un rival. Art. 36 inc. 7 del Reglamento.<\/td><td class=\"column-4\">30<\/td><td class=\"column-5\">29<\/td>\n<\/tr>\n<tr class=\"row-10\">\n\t<td class=\"column-1\">Eber Ludue\u00f1a vs La Traviesa (20\/06\/2026)<\/td><td class=\"column-2\">Sebasti\u00e1n Lavayen (Eber Ludue\u00f1a)<\/td><td class=\"column-3\">Expulsi\u00f3n directa.<\/td><td class=\"column-4\">2<\/td><td class=\"column-5\">1<\/td>\n<\/tr>\n<tr class=\"row-11\">\n\t<td class=\"column-1\">El Expreso FC vs Toro Rosso F.C. (27\/6\/2026)<\/td><td class=\"column-2\">Marcos Ramos Mej\u00eda (El Expreso FC)<\/td><td class=\"column-3\">Expulsi\u00f3n directa informado.<\/td><td class=\"column-4\">1<\/td><td class=\"column-5\">1<\/td>\n<\/tr>\n<tr class=\"row-12\">\n\t<td class=\"column-1\">La Rep\u00fablica Chueca vs Media Pinta (22\/08\/2026)<\/td><td class=\"column-2\">Rodrigo Elorriaga (Media Pinta)<\/td><td class=\"column-3\">Expulsi\u00f3n por doble amonestaci\u00f3n.<\/td><td class=\"column-4\">1<\/td><td class=\"column-5\">1<\/td>\n<\/tr>\n<tr class=\"row-13\">\n\t<td class=\"column-1\">Cochipini vs Maestrulis (22\/08\/2026)<\/td><td class=\"column-2\">Nicol\u00e1s Fern\u00e1ndez Schuk (Cochipini)<\/td><td class=\"column-3\">Expulsi\u00f3n directa.<\/td><td class=\"column-4\">2<\/td><td class=\"column-5\">1<\/td>\n<\/tr>\n<tr class=\"row-14\">\n\t<td class=\"column-1\">La Columna vs Boxer F.C. (29\/08\/2026)<\/td><td class=\"column-2\">Jos\u00e9 Pablo Castillo (Boxer F.C.)<\/td><td class=\"column-3\">Expulsi\u00f3n por doble amonestaci\u00f3n.<\/td><td class=\"column-4\">1<\/td><td class=\"column-5\">1<\/td>\n<\/tr>\n<tr class=\"row-15\">\n\t<td class=\"column-1\">Discoteca A.F. vs Tortu Style L.V. (29\/08\/2026)<\/td><td class=\"column-2\">Nicol\u00e1s Minici (Discoteca A.F.)<\/td><td class=\"column-3\">Expulsi\u00f3n directa.<\/td><td class=\"column-4\"><\/td><td class=\"column-5\"><\/td>\n<\/tr>\n<tr class=\"row-16\">\n\t<td class=\"column-1\">La Traviesa vs Mufasa F.C. (29\/08\/2026)<\/td><td class=\"column-2\">Magin Gonzalez Montaner (La Traviesa)<\/td><td class=\"column-3\">Expulsi\u00f3n por doble amonestaci\u00f3n.<\/td><td class=\"column-4\">1<\/td><td class=\"column-5\">1<\/td>\n<\/tr>\n<tr class=\"row-17\">\n\t<td class=\"column-1\">Tres Dedos F.C. vs Cochipini (29\/08\/2026)<\/td><td class=\"column-2\">Cristian Gallardo (Cochipini)<\/td><td class=\"column-3\">Expulsi\u00f3n directa.<\/td><td class=\"column-4\"><\/td><td class=\"column-5\"><\/td>\n<\/tr>\n<tr class=\"row-18\">\n\t<td class=\"column-1\">Kiricocho vs Sal\u00ed de Ah\u00ed Maravilla F.C. (29\/08\/2026)<\/td><td class=\"column-2\">Ariel Migueltorena (Sal\u00ed de Ah\u00ed Maravilla F.C.)<\/td><td class=\"column-3\">Expulsi\u00f3n por doble amonestaci\u00f3n.<\/td><td class=\"column-4\">1<\/td><td class=\"column-5\">1<\/td>\n<\/tr>\n<tr class=\"row-19\">\n\t<td class=\"column-1\">Ecl\u00e9cticos F.C. vs Pipa F.C. (29\/08\/2026)<\/td><td class=\"column-2\">Nicol\u00e1s Terminello (Ecl\u00e9cticos F.C.)<\/td><td class=\"column-3\">Expulsi\u00f3n por doble amonestaci\u00f3n.<\/td><td class=\"column-4\">1<\/td><td class=\"column-5\">1<\/td>\n<\/tr>\n<tr class=\"row-20\">\n\t<td class=\"column-1\">El Equipo del Banco vs Sicilia F.C. (29\/08\/2026)<\/td><td class=\"column-2\">Mart\u00edn Bertagno (El Equipo del Banco)<\/td><td class=\"column-3\">Expulsi\u00f3n directa.<\/td><td class=\"column-4\"><\/td><td class=\"column-5\"><\/td>\n<\/tr>\n<tr class=\"row-21\">\n\t<td class=\"column-1\">El Equipo del Banco vs Sicilia F.C. (29\/08\/2026)<\/td><td class=\"column-2\">Zenon Martinez Althabe (Sicilia F.C.)<\/td><td class=\"column-3\">Expulsi\u00f3n por doble amonestaci\u00f3n.<\/td><td class=\"column-4\">1<\/td><td class=\"column-5\">1<\/td>\n<\/tr>\n<tr class=\"row-22\">\n\t<td class=\"column-1\">Los Tulos vs Ah\u00ed No Me Serv\u00eds (29\/08\/2026)<\/td><td class=\"column-2\">Juan Esteban Magnasco (Los Tulos)<\/td><td class=\"column-3\">Expulsi\u00f3n por doble amonestaci\u00f3n.<\/td><td class=\"column-4\">1<\/td><td class=\"column-5\">1<\/td>\n<\/tr>\n<tr class=\"row-23\">\n\t<td class=\"column-1\">La Juve vs Pon\u00e9 Los Fideos (29\/08\/2026)<\/td><td class=\"column-2\">Veron Julio Cesar (Pon\u00e9 Los Fideos)<\/td><td class=\"column-3\">Expulsi\u00f3n directa.<\/td><td class=\"column-4\"><\/td><td class=\"column-5\"><\/td>\n<\/tr>\n<\/tbody>\n<\/table>\n<!-- #tablepress-1 from cache -->\t\t\t\t\t\t\t\t<\/div>\n\t\t\t\t<\/div>\n\t\t\t\t\t<\/div>\n\t\t<\/div>\n\t\t\t\t\t<\/div>\n\t\t<\/section>\n\t\t\t\t<section class=\"elementor-section elementor-top-section elementor-element elementor-element-005db2c elementor-section-full_width elementor-section-content-middle elementor-section-height-default elementor-section-height-default\" data-id=\"005db2c\" data-element_type=\"section\" data-e-type=\"section\">\n\t\t\t\t\t\t<div class=\"elementor-container elementor-column-gap-no\">\n\t\t\t\t\t<div class=\"elementor-column elementor-col-100 elementor-top-column elementor-element elementor-element-efa5175\" data-id=\"efa5175\" data-element_type=\"column\" data-e-type=\"column\">\n\t\t\t<div class=\"elementor-widget-wrap elementor-element-populated\">\n\t\t\t\t\t\t\t<\/div>\n\t\t<\/div>\n\t\t\t\t\t<\/div>\n\t\t<\/section>\n\t\t\t\t<\/div>\n\t\t","protected":false},"excerpt":{"rendered":"<p>MUJERES HOMBRES<\/p>\n","protected":false},"author":1,"featured_media":0,"parent":0,"menu_order":0,"comment_status":"closed","ping_status":"closed","template":"","meta":{"inline_featured_image":false,"footnotes":""},"class_list":["post-5361","page","type-page","status-publish","hentry"],"_links":{"self":[{"href":"https:\/\/www.lachacrafutbol.com.ar\/web\/wp-json\/wp\/v2\/pages\/5361","targetHints":{"allow":["GET"]}}],"collection":[{"href":"https:\/\/www.lachacrafutbol.com.ar\/web\/wp-json\/wp\/v2\/pages"}],"about":[{"href":"https:\/\/www.lachacrafutbol.com.ar\/web\/wp-json\/wp\/v2\/types\/page"}],"author":[{"embeddable":true,"href":"https:\/\/www.lachacrafutbol.com.ar\/web\/wp-json\/wp\/v2\/users\/1"}],"replies":[{"embeddable":true,"href":"https:\/\/www.lachacrafutbol.com.ar\/web\/wp-json\/wp\/v2\/comments?post=5361"}],"version-history":[{"count":0,"href":"https:\/\/www.lachacrafutbol.com.ar\/web\/wp-json\/wp\/v2\/pages\/5361\/revisions"}],"wp:attachment":[{"href":"https:\/\/www.lachacrafutbol.com.ar\/web\/wp-json\/wp\/v2\/media?parent=5361"}],"curies":[{"name":"wp","href":"https:\/\/api.w.org\/{rel}","templated":true}]}}